{"id":954,"date":"2023-08-08T12:38:51","date_gmt":"2023-08-08T17:38:51","guid":{"rendered":"https:\/\/site.eesppjjbtacna.edu.pe\/?page_id=954"},"modified":"2024-06-03T19:46:41","modified_gmt":"2024-06-04T00:46:41","slug":"unidad-de-formacion-continua","status":"publish","type":"page","link":"https:\/\/site.eesppjjbtacna.edu.pe\/?page_id=954","title":{"rendered":"UNIDAD DE FORMACI\u00d3N CONTINUA"},"content":{"rendered":"\t\t<div data-elementor-type=\"wp-page\" data-elementor-id=\"954\" class=\"elementor elementor-954\">\n\t\t\t\t<div class=\"elementor-element elementor-element-7cdcf4f e-flex e-con-boxed e-con e-parent\" data-id=\"7cdcf4f\" data-element_type=\"container\" data-e-type=\"container\">\n\t\t\t\t\t<div class=\"e-con-inner\">\n\t\t\t\t<div class=\"elementor-element elementor-element-05f6b39 elementor-widget elementor-widget-text-editor\" data-id=\"05f6b39\" data-element_type=\"widget\" data-e-type=\"widget\" data-widget_type=\"text-editor.default\">\n\t\t\t\t<div class=\"elementor-widget-container\">\n\t\t\t\t\t\t\t\t\t<p style=\"text-align: justify;\"><img decoding=\"async\" class=\"size-thumbnail wp-image-1039 alignleft\" src=\"https:\/\/site.eesppjjbtacna.edu.pe\/wp-content\/uploads\/2023\/08\/formacion-150x150.png\" alt=\"\" width=\"150\" height=\"150\" srcset=\"https:\/\/site.eesppjjbtacna.edu.pe\/wp-content\/uploads\/2023\/08\/formacion-150x150.png 150w, https:\/\/site.eesppjjbtacna.edu.pe\/wp-content\/uploads\/2023\/08\/formacion-300x300.png 300w, https:\/\/site.eesppjjbtacna.edu.pe\/wp-content\/uploads\/2023\/08\/formacion.png 512w\" sizes=\"(max-width: 150px) 100vw, 150px\" \/>La Jefatura de Unidad de Formaci\u00f3n Continua es la instancia responsable de promover, planificar, desarrollar, supervisar y monitorear los programas de formaci\u00f3n continua institucionales, segunda especialidad y profesionalizaci\u00f3n docente, seg\u00fan corresponda; desde la modalidad presencial, semipresencial o a distancia.<\/p><p style=\"text-align: justify;\">Los programas de Formaci\u00f3n Continua que se ofrecen de acuerdo a Ley permiten la adquisici\u00f3n, actualizaci\u00f3n, especializaci\u00f3n y\/o perfeccionamiento de competencias profesionales acordes con las necesidades y exigencias epistemol\u00f3gicas y metodol\u00f3gicas del contexto nacional e internacional.<\/p><p style=\"text-align: justify;\">As\u00ed mismo, genera espacios de reflexi\u00f3n para la toma de decisiones, participa en eventos de consulta, promueve convenios y alianzas con instituciones nacionales e internacionales, coopera y brinda asistencia t\u00e9cnica por medio de asesor\u00edas o consultor\u00edas a instituciones p\u00fablicas y privadas del \u00e1mbito nacional.\u00a0 Adem\u00e1s, gestiona auspicios acad\u00e9micos y certifica experiencias de aprendizaje diversas.<\/p>\t\t\t\t\t\t\t\t<\/div>\n\t\t\t\t<\/div>\n\t\t\t\t\t<\/div>\n\t\t\t\t<\/div>\n\t\t<div class=\"elementor-element elementor-element-feaad23 e-flex e-con-boxed e-con e-parent\" data-id=\"feaad23\" data-element_type=\"container\" data-e-type=\"container\">\n\t\t\t\t\t<div class=\"e-con-inner\">\n\t\t\t\t<div class=\"elementor-element elementor-element-1b24f5c elementor-tabs-view-horizontal elementor-widget elementor-widget-tabs\" data-id=\"1b24f5c\" data-element_type=\"widget\" data-e-type=\"widget\" data-widget_type=\"tabs.default\">\n\t\t\t\t<div class=\"elementor-widget-container\">\n\t\t\t\t\t\t\t<div class=\"elementor-tabs\">\n\t\t\t<div class=\"elementor-tabs-wrapper\" role=\"tablist\" >\n\t\t\t\t\t\t\t\t\t<div id=\"elementor-tab-title-2841\" class=\"elementor-tab-title elementor-tab-desktop-title\" aria-selected=\"true\" data-tab=\"1\" role=\"tab\" tabindex=\"0\" aria-controls=\"elementor-tab-content-2841\" aria-expanded=\"false\">FUNCIONES DE LA JEFATURA DE UNIDAD DE FORMACI\u00d3N CONTINUA<\/div>\n\t\t\t\t\t\t\t\t\t<div id=\"elementor-tab-title-2842\" class=\"elementor-tab-title elementor-tab-desktop-title\" aria-selected=\"false\" data-tab=\"2\" role=\"tab\" tabindex=\"-1\" aria-controls=\"elementor-tab-content-2842\" aria-expanded=\"false\">EQUIPO DOCENTE DE FORMACI\u00d3N CONTINUA<\/div>\n\t\t\t\t\t\t\t\t\t<div id=\"elementor-tab-title-2843\" class=\"elementor-tab-title elementor-tab-desktop-title\" aria-selected=\"false\" data-tab=\"3\" role=\"tab\" tabindex=\"-1\" aria-controls=\"elementor-tab-content-2843\" aria-expanded=\"false\">JEFE DE UNIDAD DE FORMACI\u00d3N CONTINUA<\/div>\n\t\t\t\t\t\t\t<\/div>\n\t\t\t<div class=\"elementor-tabs-content-wrapper\" role=\"tablist\" aria-orientation=\"vertical\">\n\t\t\t\t\t\t\t\t\t<div class=\"elementor-tab-title elementor-tab-mobile-title\" aria-selected=\"true\" data-tab=\"1\" role=\"tab\" tabindex=\"0\" aria-controls=\"elementor-tab-content-2841\" aria-expanded=\"false\">FUNCIONES DE LA JEFATURA DE UNIDAD DE FORMACI\u00d3N CONTINUA<\/div>\n\t\t\t\t\t<div id=\"elementor-tab-content-2841\" class=\"elementor-tab-content elementor-clearfix\" data-tab=\"1\" role=\"tabpanel\" aria-labelledby=\"elementor-tab-title-2841\" tabindex=\"0\" hidden=\"false\"><p style=\"text-align: justify;\">Las funciones de la Unidad de Formaci\u00f3n Continua son:<\/p><ol><li style=\"text-align: justify;\">Planificar la actividad acad\u00e9mica de los programas de formaci\u00f3n continua institucionales, segunda especialidad y profesionalizaci\u00f3n docente.<\/li><li style=\"text-align: justify;\">Organizar el desarrollo de las actividades acad\u00e9micas: recursos, contenidos, metodolog\u00edas, asignaci\u00f3n de responsabilidades.<\/li><li style=\"text-align: justify;\">Supervisar el desarrollo de las actividades acad\u00e9micas de Formaci\u00f3n Continua.<\/li><li style=\"text-align: justify;\">Promueve convenios de colaboraci\u00f3n interinstitucional en el Marco de la Normativa vigente para la Formaci\u00f3n Continua de los Docentes.<\/li><li style=\"text-align: justify;\">Coordinar con las instancias de Gesti\u00f3n Educativa la implementaci\u00f3n de los programas de formaci\u00f3n continua institucionales, segunda especialidad y profesionalizaci\u00f3n docente a fin de garantizar la participaci\u00f3n activa de los docentes de Educaci\u00f3n B\u00e1sica.<\/li><li style=\"text-align: justify;\">Evaluar los programas de formaci\u00f3n continua institucionales, segunda especialidad y profesionalizaci\u00f3n docente, incluyendo sus recursos, procesos y resultados.<\/li><li style=\"text-align: justify;\">Gestionar el registro de informaci\u00f3n en el SIA.<\/li><li style=\"text-align: justify;\">Coordinar con los responsables de los procesos estrat\u00e9gicos, de soporte y misionales para el fortalecimiento continuo en el cumplimiento de sus funciones.<\/li><li style=\"text-align: justify;\">Elabora estrategias e instrumentos para el diagn\u00f3stico de necesidades formativas, modelos de sistematizaci\u00f3n y reportes de resultados a las instituciones educativas.<\/li><li style=\"text-align: justify;\">Articula la indagaci\u00f3n, investigaci\u00f3n e innovaci\u00f3n y transformaci\u00f3n de las pr\u00e1cticas en ejercicios que forman parte de los programas de Formaci\u00f3n Continua.<\/li><\/ol><\/div>\n\t\t\t\t\t\t\t\t\t<div class=\"elementor-tab-title elementor-tab-mobile-title\" aria-selected=\"false\" data-tab=\"2\" role=\"tab\" tabindex=\"-1\" aria-controls=\"elementor-tab-content-2842\" aria-expanded=\"false\">EQUIPO DOCENTE DE FORMACI\u00d3N CONTINUA<\/div>\n\t\t\t\t\t<div id=\"elementor-tab-content-2842\" class=\"elementor-tab-content elementor-clearfix\" data-tab=\"2\" role=\"tabpanel\" aria-labelledby=\"elementor-tab-title-2842\" tabindex=\"0\" hidden=\"hidden\"><p style=\"text-align: justify;\">Depende de la Unidad de Formaci\u00f3n Continua y est\u00e1 integrado por docentes con alto nivel de participaci\u00f3n y conocimiento acad\u00e9mico acorde con las exigencias y las necesidades en capacitaci\u00f3n, actualizaci\u00f3n y especializaci\u00f3n docente de los egresados y profesores en servicio.<\/p><p style=\"text-align: justify;\">Sus funciones son:<\/p><ol><li style=\"text-align: justify;\">Planifica con la Unidad de Formaci\u00f3n Continua las actividades destinadas al fortalecimiento de las capacidades acad\u00e9micas en los docentes formadores de la E. E. S. P. P. y en los docentes en servicio de la Educaci\u00f3n B\u00e1sica.<\/li><li style=\"text-align: justify;\">Motiva permanentemente a los docentes para que asistan, participen y cumplan con el desarrollo de las actividades de las estrategias formativas.<\/li><li style=\"text-align: justify;\">Apoya a la Unidad de Formaci\u00f3n Continua, en los Programas de Formaci\u00f3n Continua institucionales y los talleres destinados a los docentes de Formaci\u00f3n Inicial.<\/li><li style=\"text-align: justify;\">Realiza el seguimiento a la participaci\u00f3n del docente en el desarrollo de sus actividades en el aula virtual brindando retroalimentaci\u00f3n oportuna y permanente.<\/li><li style=\"text-align: justify;\">Realiza el seguimiento y evaluaci\u00f3n de los productos de cada m\u00f3dulo formativo que presentan los participantes de los Programas de Formaci\u00f3n Continua institucionales, retroalimentando en forma oportuna y pertienente.<\/li><\/ol><\/div>\n\t\t\t\t\t\t\t\t\t<div class=\"elementor-tab-title elementor-tab-mobile-title\" aria-selected=\"false\" data-tab=\"3\" role=\"tab\" tabindex=\"-1\" aria-controls=\"elementor-tab-content-2843\" aria-expanded=\"false\">JEFE DE UNIDAD DE FORMACI\u00d3N CONTINUA<\/div>\n\t\t\t\t\t<div id=\"elementor-tab-content-2843\" class=\"elementor-tab-content elementor-clearfix\" data-tab=\"3\" role=\"tabpanel\" aria-labelledby=\"elementor-tab-title-2843\" tabindex=\"0\" hidden=\"hidden\"><p><strong>Dra. Geovanna Mar\u00eda Vicente Pacco<img decoding=\"async\" class=\"wp-image-749 size-full alignright\" src=\"https:\/\/site.eesppjjbtacna.edu.pe\/wp-content\/uploads\/2023\/08\/jefa.png\" alt=\"\" width=\"150\" height=\"150\" \/><\/strong><\/p><p><strong>e-mail:<\/strong> geovana.vicente@josejimenezborja.edu.pe\u00a0<\/p><p>\u00a0<\/p><\/div>\n\t\t\t\t\t\t\t<\/div>\n\t\t<\/div>\n\t\t\t\t\t\t<\/div>\n\t\t\t\t<\/div>\n\t\t\t\t\t<\/div>\n\t\t\t\t<\/div>\n\t\t\t\t<\/div>\n\t\t","protected":false},"excerpt":{"rendered":"<p>La Jefatura de Unidad de Formaci\u00f3n Continua es la instancia responsable de promover, planificar, desarrollar, supervisar y monitorear los programas de formaci\u00f3n continua institucionales, segunda especialidad y profesionalizaci\u00f3n docente, seg\u00fan corresponda; desde la modalidad presencial, semipresencial o a distancia. Los programas de Formaci\u00f3n Continua que se ofrecen de acuerdo a&#8230;<\/p>\n<p> <a class=\"continue-reading-link\" href=\"https:\/\/site.eesppjjbtacna.edu.pe\/?page_id=954\"><span>Continuar leyendo&#8230;<\/span><i class=\"crycon-right-dir\"><\/i><\/a> <\/p>\n","protected":false},"author":1,"featured_media":0,"parent":0,"menu_order":0,"comment_status":"closed","ping_status":"closed","template":"","meta":{"footnotes":""},"class_list":["post-954","page","type-page","status-publish","hentry"],"_links":{"self":[{"href":"https:\/\/site.eesppjjbtacna.edu.pe\/index.php?rest_route=\/wp\/v2\/pages\/954","targetHints":{"allow":["GET"]}}],"collection":[{"href":"https:\/\/site.eesppjjbtacna.edu.pe\/index.php?rest_route=\/wp\/v2\/pages"}],"about":[{"href":"https:\/\/site.eesppjjbtacna.edu.pe\/index.php?rest_route=\/wp\/v2\/types\/page"}],"author":[{"embeddable":true,"href":"https:\/\/site.eesppjjbtacna.edu.pe\/index.php?rest_route=\/wp\/v2\/users\/1"}],"replies":[{"embeddable":true,"href":"https:\/\/site.eesppjjbtacna.edu.pe\/index.php?rest_route=%2Fwp%2Fv2%2Fcomments&post=954"}],"version-history":[{"count":23,"href":"https:\/\/site.eesppjjbtacna.edu.pe\/index.php?rest_route=\/wp\/v2\/pages\/954\/revisions"}],"predecessor-version":[{"id":3669,"href":"https:\/\/site.eesppjjbtacna.edu.pe\/index.php?rest_route=\/wp\/v2\/pages\/954\/revisions\/3669"}],"wp:attachment":[{"href":"https:\/\/site.eesppjjbtacna.edu.pe\/index.php?rest_route=%2Fwp%2Fv2%2Fmedia&parent=954"}],"curies":[{"name":"wp","href":"https:\/\/api.w.org\/{rel}","templated":true}]}}